{"id":116,"date":"2022-02-24T12:59:30","date_gmt":"2022-02-24T11:59:30","guid":{"rendered":"https:\/\/interactivo.flamencomalaga.com\/116-2\/"},"modified":"2026-03-16T13:57:56","modified_gmt":"2026-03-16T12:57:56","slug":"116-2","status":"publish","type":"page","link":"https:\/\/interactivo.flamencomalaga.com\/fr\/","title":{"rendered":"Centre de flamenco interactif Malaga"},"content":{"rendered":"<p>[et_pb_section fb_built=\u00a0\u00bb1&Prime; disabled_on=\u00a0\u00bboff|off|off\u00a0\u00bb admin_label=\u00a0\u00bbHeader\u00a0\u00bb _builder_version=\u00a0\u00bb4.23.1&Prime; _module_preset=\u00a0\u00bbdefault\u00a0\u00bb background_enable_color=\u00a0\u00bboff\u00a0\u00bb use_background_color_gradient=\u00a0\u00bbon\u00a0\u00bb background_color_gradient_direction=\u00a0\u00bb1deg\u00a0\u00bb background_color_gradient_stops=\u00a0\u00bb#000000 0%|rgba(255,255,255,0) 42%\u00a0\u00bb background_color_gradient_overlays_image=\u00a0\u00bbon\u00a0\u00bb background_image=\u00a0\u00bbhttps:\/\/interactivo.flamencomalaga.com\/wp-content\/uploads\/2024\/05\/inicio-experincia-flamenco-web.jpg\u00a0\u00bb min_height=\u00a0\u00bb83vh\u00a0\u00bb height=\u00a0\u00bb83vh\u00a0\u00bb custom_padding=\u00a0\u00bb||0px|||\u00a0\u00bb background_last_edited=\u00a0\u00bbon|phone\u00a0\u00bb background_image_phone=\u00a0\u00bbhttps:\/\/interactivo.flamencomalaga.com\/wp-content\/uploads\/2024\/05\/inicio-experiencia-flamenco-mobile.jpg\u00a0\u00bb background_enable_image_phone=\u00a0\u00bbon\u00a0\u00bb locked=\u00a0\u00bboff\u00a0\u00bb global_colors_info=\u00a0\u00bb{}\u00a0\u00bb][et_pb_row _builder_version=\u00a0\u00bb4.23.1&Prime; _module_preset=\u00a0\u00bbdefault\u00a0\u00bb module_alignment=\u00a0\u00bbcenter\u00a0\u00bb min_height=\u00a0\u00bb40vh\u00a0\u00bb min_height_tablet=\u00a0\u00bb320px\u00a0\u00bb min_height_phone=\u00a0\u00bb300px\u00a0\u00bb min_height_last_edited=\u00a0\u00bbon|phone\u00a0\u00bb custom_margin=\u00a0\u00bb-52px|auto||auto||\u00a0\u00bb global_colors_info=\u00a0\u00bb{}\u00a0\u00bb][et_pb_column type=\u00a0\u00bb4_4&Prime; _builder_version=\u00a0\u00bb4.23.1&Prime; _module_preset=\u00a0\u00bbdefault\u00a0\u00bb global_colors_info=\u00a0\u00bb{}\u00a0\u00bb][\/et_pb_column][\/et_pb_row][et_pb_row _builder_version=\u00a0\u00bb4.23.1&Prime; _module_preset=\u00a0\u00bbdefault\u00a0\u00bb global_colors_info=\u00a0\u00bb{}\u00a0\u00bb][et_pb_column type=\u00a0\u00bb4_4&Prime; _builder_version=\u00a0\u00bb4.23.1&Prime; _module_preset=\u00a0\u00bbdefault\u00a0\u00bb global_colors_info=\u00a0\u00bb{}\u00a0\u00bb][et_pb_text _builder_version=\u00a0\u00bb4.23.1&Prime; _module_preset=\u00a0\u00bbdefault\u00a0\u00bb text_font=\u00a0\u00bbRoboto Serif||||||||\u00a0\u00bb header_text_align=\u00a0\u00bbcenter\u00a0\u00bb header_font_size=\u00a0\u00bb50px\u00a0\u00bb header_2_font_size=\u00a0\u00bb30px\u00a0\u00bb header_2_line_height=\u00a0\u00bb1.2em\u00a0\u00bb width=\u00a0\u00bb100%\u00a0\u00bb custom_margin=\u00a0\u00bb||-3px|||\u00a0\u00bb global_colors_info=\u00a0\u00bb{}\u00a0\u00bb]<\/p>\n<h1><span style=\"color: #ffffff;\"><strong>Introduction au flamenco<\/strong><\/span><\/h1>\n<p>[\/et_pb_text][et_pb_text _builder_version=\u00a0\u00bb4.23.1&Prime; _module_preset=\u00a0\u00bbdefault\u00a0\u00bb text_font=\u00a0\u00bbRoboto||||||||\u00a0\u00bb text_text_color=\u00a0\u00bb#000000&Prime; text_font_size=\u00a0\u00bb23px\u00a0\u00bb text_line_height=\u00a0\u00bb1em\u00a0\u00bb header_text_align=\u00a0\u00bbcenter\u00a0\u00bb text_orientation=\u00a0\u00bbcenter\u00a0\u00bb global_colors_info=\u00a0\u00bb{}\u00a0\u00bb]<\/p>\n<p style=\"text-align: center;\"><span style=\"color: #ffffff;\">PROJET INTERACTIF<\/span><\/p>\n<p style=\"text-align: center;\"><span style=\"color: #ffffff;\"><strong>Visites guid\u00e9es :<\/strong> Tous les jours \u00e0 16h00.<\/span><\/p>\n<p>[\/et_pb_text][\/et_pb_column][\/et_pb_row][\/et_pb_section][et_pb_section fb_built=\u00a0\u00bb1&Prime; admin_label=\u00a0\u00bbContenedor\u00a0\u00bb _builder_version=\u00a0\u00bb4.23.1&Prime; _module_preset=\u00a0\u00bbdefault\u00a0\u00bb background_color=\u00a0\u00bb#FFFFFF\u00a0\u00bb custom_padding=\u00a0\u00bb||0px|||\u00a0\u00bb locked=\u00a0\u00bboff\u00a0\u00bb global_colors_info=\u00a0\u00bb{}\u00a0\u00bb][et_pb_row column_structure=\u00a0\u00bb1_2,1_2&Prime; _builder_version=\u00a0\u00bb4.23.1&Prime; _module_preset=\u00a0\u00bbdefault\u00a0\u00bb global_colors_info=\u00a0\u00bb{}\u00a0\u00bb][et_pb_column type=\u00a0\u00bb1_2&Prime; admin_label=\u00a0\u00bbColonne\u00a0\u00bb _builder_version=\u00a0\u00bb4.23.1&Prime; _module_preset=\u00a0\u00bbdefault\u00a0\u00bb global_colors_info=\u00a0\u00bb{}\u00a0\u00bb][et_pb_text _builder_version=\u00a0\u00bb4.23.1&Prime; _module_preset=\u00a0\u00bbdefault\u00a0\u00bb text_font=\u00a0\u00bbRoboto Serif||||||||\u00a0\u00bb header_2_font_size=\u00a0\u00bb30px\u00a0\u00bb header_2_line_height=\u00a0\u00bb1.2em\u00a0\u00bb width=\u00a0\u00bb100%\u00a0\u00bb custom_margin=\u00a0\u00bb||-3px|||\u00a0\u00bb global_colors_info=\u00a0\u00bb{}\u00a0\u00bb]<\/p>\n<h2><strong>Plongez-vous dans un voyage interactif<\/strong><\/h2>\n<p>[\/et_pb_text][et_pb_text _builder_version=\u00a0\u00bb4.23.1&Prime; _module_preset=\u00a0\u00bbdefault\u00a0\u00bb text_text_color=\u00a0\u00bb#000000&Prime; global_colors_info=\u00a0\u00bb{}\u00a0\u00bb]<\/p>\n<p>Embarquez pour une aventure artistique unique, con\u00e7ue pour tous. Explorez et lancez-vous dans la culture flamenco gr\u00e2ce \u00e0 des expositions interactives. R\u00e9servez votre espace pour une exp\u00e9rience in\u00e9gal\u00e9e. Pendant une heure, vous vous plongerez dans une initiation au flamenco dont vous \u00eates le protagoniste: vous exp\u00e9rimenterez le chant, la danse et, avec vos mains, vous vous connecterez au rythme du flamenco. Plus qu\u2019un simple spectateur, vous serez une pi\u00e8ce incontournable dans cette mani\u00e8re innovante d\u2019appr\u00e9cier la culture flamenco.<\/p>\n<p>[\/et_pb_text][\/et_pb_column][et_pb_column type=\u00a0\u00bb1_2&Prime; _builder_version=\u00a0\u00bb4.23.1&Prime; _module_preset=\u00a0\u00bbdefault\u00a0\u00bb global_colors_info=\u00a0\u00bb{}\u00a0\u00bb][et_pb_image src=\u00a0\u00bbhttps:\/\/interactivo.flamencomalaga.com\/wp-content\/uploads\/2024\/05\/experiencia-flamenco.jpg\u00a0\u00bb title_text=\u00a0\u00bbExp\u00e9rience flamenco\u00a0\u00bb _builder_version=\u00a0\u00bb4.23.1&Prime; _module_preset=\u00a0\u00bbdefault\u00a0\u00bb border_radii=\u00a0\u00bbon|30px|30px|30px|30px\u00a0\u00bb global_colors_info=\u00a0\u00bb{}\u00a0\u00bb][\/et_pb_image][\/et_pb_column][\/et_pb_row][\/et_pb_section][et_pb_section fb_built=\u00a0\u00bb1&Prime; disabled_on=\u00a0\u00bboff|off|off\u00a0\u00bb _builder_version=\u00a0\u00bb4.23.1&Prime; _module_preset=\u00a0\u00bbdefault\u00a0\u00bb background_color=\u00a0\u00bb#f5f5f5&Prime; background_image=\u00a0\u00bbhttps:\/\/interactivo.flamencomalaga.com\/wp-content\/uploads\/2024\/05\/logo-simplificado-web-white.png\u00a0\u00bb background_size=\u00a0\u00bbcustom\u00a0\u00bb background_image_width=\u00a0\u00bb17%\u00a0\u00bb background_position=\u00a0\u00bbcenter_left\u00a0\u00bb background_horizontal_offset=\u00a0\u00bb-5%\u00a0\u00bb custom_margin=\u00a0\u00bb100px||100px||false|false\u00a0\u00bb custom_margin_tablet=\u00a0\u00bb100px||100px||false|false\u00a0\u00bb custom_margin_phone=\u00a0\u00bb50px||50px||false|false\u00a0\u00bb custom_margin_last_edited=\u00a0\u00bbon|phone\u00a0\u00bb background_last_edited=\u00a0\u00bbon|desktop\u00a0\u00bb background_size_phone=\u00a0\u00bbcontain\u00a0\u00bb background_image_width_phone=\u00a0\u00bb23%\u00a0\u00bb background_image_height_phone=\u00a0\u00bb0%\u00a0\u00bb background_horizontal_offset_phone=\u00a0\u00bb-38%\u00a0\u00bb border_radii=\u00a0\u00bboff|100px|100px||\u00a0\u00bb border_radii_tablet=\u00a0\u00bboff|100px|100px||\u00a0\u00bb border_radii_phone=\u00a0\u00bboff|50px|50px||\u00a0\u00bb border_radii_last_edited=\u00a0\u00bbon|tablet\u00a0\u00bb global_colors_info=\u00a0\u00bb{}\u00a0\u00bb][et_pb_row _builder_version=\u00a0\u00bb4.23.1&Prime; _module_preset=\u00a0\u00bbdefault\u00a0\u00bb global_colors_info=\u00a0\u00bb{}\u00a0\u00bb][et_pb_column type=\u00a0\u00bb4_4&Prime; _builder_version=\u00a0\u00bb4.23.1&Prime; _module_preset=\u00a0\u00bbdefault\u00a0\u00bb global_colors_info=\u00a0\u00bb{}\u00a0\u00bb][et_pb_text admin_label=\u00a0\u00bbTexto\u00a0\u00bb _builder_version=\u00a0\u00bb4.27.6&Prime; _module_preset=\u00a0\u00bbdefault\u00a0\u00bb header_2_font_size=\u00a0\u00bb35px\u00a0\u00bb hover_enabled=\u00a0\u00bb0&Prime; global_colors_info=\u00a0\u00bb{}\u00a0\u00bb sticky_enabled=\u00a0\u00bb0&Prime;]<\/p>\n<h2><strong>FAITES VOTRE R\u00c9SERVATION !<\/strong><\/h2>\n<p>[\/et_pb_text][et_pb_code _builder_version=\u00a0\u00bb4.27.6&Prime; _module_preset=\u00a0\u00bbdefault\u00a0\u00bb position_origin_a=\u00a0\u00bbcenter_center\u00a0\u00bb position_origin_f=\u00a0\u00bbcenter_center\u00a0\u00bb position_origin_a_last_edited=\u00a0\u00bboff|desktop\u00a0\u00bb position_origin_f_last_edited=\u00a0\u00bboff|desktop\u00a0\u00bb position_origin_r_last_edited=\u00a0\u00bboff|desktop\u00a0\u00bb width=\u00a0\u00bb100%\u00a0\u00bb hover_enabled=\u00a0\u00bb0&Prime; positioning_last_edited=\u00a0\u00bboff|desktop\u00a0\u00bb custom_css_free_form=\u00a0\u00bb||\u00a0\u00bb global_colors_info=\u00a0\u00bb{}\u00a0\u00bb sticky_enabled=\u00a0\u00bb0&Prime;][\/et_pb_code][\/et_pb_column][\/et_pb_row][et_pb_row _builder_version=\u00a0\u00bb4.27.6&Prime; _module_preset=\u00a0\u00bbdefault\u00a0\u00bb hover_enabled=\u00a0\u00bb0&Prime; sticky_enabled=\u00a0\u00bb0&Prime;][et_pb_column _builder_version=\u00a0\u00bb4.27.6&Prime; _module_preset=\u00a0\u00bbdefault\u00a0\u00bb type=\u00a0\u00bb4_4&Prime;][et_pb_button button_url=\u00a0\u00bbhttps:\/\/show.flamencomalaga.com\/es\/837-espectaculo\/4730&Prime; button_text=\u00a0\u00bbBILLETS\u00a0\u00bb disabled_on=\u00a0\u00bboff|off|off\u00a0\u00bb _builder_version=\u00a0\u00bb4.27.6&Prime; _module_preset=\u00a0\u00bbdefault\u00a0\u00bb custom_button=\u00a0\u00bbon\u00a0\u00bb button_text_size=\u00a0\u00bb14px\u00a0\u00bb button_font=\u00a0\u00bb|700|||||||\u00a0\u00bb button_icon=\u00a0\u00bb&#xf3ff;||fa||900&Prime; custom_padding=\u00a0\u00bb10px||11px||false|false\u00a0\u00bb hover_enabled=\u00a0\u00bb0&Prime; button_bg_color_last_edited=\u00a0\u00bboff|desktop\u00a0\u00bb global_colors_info=\u00a0\u00bb{}\u00a0\u00bb button_text_color__hover_enabled=\u00a0\u00bboff|hover\u00a0\u00bb button_text_color__hover=\u00a0\u00bb#FFFFFF\u00a0\u00bb button_bg_color__hover_enabled=\u00a0\u00bbon|hover\u00a0\u00bb button_bg_color__hover=\u00a0\u00bb#E02B20&Prime; button_bg_enable_color__hover=\u00a0\u00bbon\u00a0\u00bb global_module=\u00a0\u00bb2465&Prime; theme_builder_area=\u00a0\u00bbpost_content\u00a0\u00bb admin_label=\u00a0\u00bbBot\u00f3n\u00a0\u00bb sticky_enabled=\u00a0\u00bb0&Prime;][\/et_pb_button][\/et_pb_column][\/et_pb_row][\/et_pb_section][et_pb_section fb_built=\u00a0\u00bb1&Prime; disabled_on=\u00a0\u00bboff|off|off\u00a0\u00bb admin_label=\u00a0\u00bbContenedor\u00a0\u00bb _builder_version=\u00a0\u00bb4.23.1&Prime; _module_preset=\u00a0\u00bbdefault\u00a0\u00bb background_color=\u00a0\u00bb#FFFFFF\u00a0\u00bb custom_padding=\u00a0\u00bb2px||0px|||\u00a0\u00bb locked=\u00a0\u00bboff\u00a0\u00bb global_colors_info=\u00a0\u00bb{}\u00a0\u00bb][et_pb_row column_structure=\u00a0\u00bb1_2,1_2&Prime; module_id=\u00a0\u00bbexperiencia-adaptada\u00a0\u00bb _builder_version=\u00a0\u00bb4.23.1&Prime; _module_preset=\u00a0\u00bbdefault\u00a0\u00bb global_colors_info=\u00a0\u00bb{}\u00a0\u00bb][et_pb_column type=\u00a0\u00bb1_2&Prime; _builder_version=\u00a0\u00bb4.23.1&Prime; _module_preset=\u00a0\u00bbdefault\u00a0\u00bb global_colors_info=\u00a0\u00bb{}\u00a0\u00bb][et_pb_image src=\u00a0\u00bbhttps:\/\/interactivo.flamencomalaga.com\/wp-content\/uploads\/2024\/05\/flamenco-interactivo-experiencia.jpg\u00a0\u00bb title_text=\u00a0\u00bbExp\u00e9rience Flamenco-Interactive\u00a0\u00bb _builder_version=\u00a0\u00bb4.23.1&Prime; _module_preset=\u00a0\u00bbdefault\u00a0\u00bb border_radii=\u00a0\u00bbon|30px|30px|30px|30px\u00a0\u00bb global_colors_info=\u00a0\u00bb{}\u00a0\u00bb][\/et_pb_image][\/et_pb_column][et_pb_column type=\u00a0\u00bb1_2&Prime; _builder_version=\u00a0\u00bb4.23.1&Prime; _module_preset=\u00a0\u00bbdefault\u00a0\u00bb global_colors_info=\u00a0\u00bb{}\u00a0\u00bb][et_pb_text _builder_version=\u00a0\u00bb4.23.1&Prime; _module_preset=\u00a0\u00bbdefault\u00a0\u00bb text_font=\u00a0\u00bbRoboto Serif||||||||\u00a0\u00bb header_2_font_size=\u00a0\u00bb30px\u00a0\u00bb header_2_line_height=\u00a0\u00bb1.2em\u00a0\u00bb width=\u00a0\u00bb100%\u00a0\u00bb custom_margin=\u00a0\u00bb||15px|||\u00a0\u00bb global_colors_info=\u00a0\u00bb{}\u00a0\u00bb]<\/p>\n<h2><strong>Une exp\u00e9rience adapt\u00e9e \u00e0 tous les publics<\/strong><\/h2>\n<p>[\/et_pb_text][et_pb_text _builder_version=\u00a0\u00bb4.23.1&Prime; _module_preset=\u00a0\u00bbdefault\u00a0\u00bb text_text_color=\u00a0\u00bb#000000&Prime; custom_margin=\u00a0\u00bb-17px|||||\u00a0\u00bb custom_padding=\u00a0\u00bb0px|||||\u00a0\u00bb global_colors_info=\u00a0\u00bb{}\u00a0\u00bb]<\/p>\n<p><span style=\"font-weight: 400;\">En vous immergeant dans notre exp\u00e9rience, vous aurez l\u2019occasion d\u2019explorer et de commencer votre initiation \u00e0 la culture flamenco \u00e0 travers nos 5 expositions interactives. Chaque moment a \u00e9t\u00e9 soigneusement con\u00e7u pour que vous viviez le flamenco d\u2019une mani\u00e8re compl\u00e8tement enveloppante. Pendant une heure, vous serez plus qu\u2019un simple spectateur : guid\u00e9 par un passionn\u00e9 de flamenco, vous exp\u00e9rimenterez le chant, la danse, et avec vos mains, vous vous connecterez au rythme du flamenco. Vous deviendrez un \u00e9l\u00e9ment essentiel de cette fa\u00e7on r\u00e9volutionnaire d\u2019appr\u00e9cier la culture flamande. La visite peut se faire en espagnol et en anglais. Actuellement, nous offrons un horaire sp\u00e9cifique, mais nous serons heureux de fournir plus d\u2019options pour les groupes et les collectifs. De plus, l\u2019exp\u00e9rience se termine vers 17h15, ce qui se combine parfaitement avec le spectacle de 18h00 dans le tablao.<\/span><\/p>\n<p>[\/et_pb_text][\/et_pb_column][\/et_pb_row][\/et_pb_section][et_pb_section fb_built=\u00a0\u00bb1&Prime; admin_label=\u00a0\u00bbVideo\u00a0\u00bb _builder_version=\u00a0\u00bb4.23.1&Prime; _module_preset=\u00a0\u00bbdefault\u00a0\u00bb background_color=\u00a0\u00bb#000000&Prime; custom_margin=\u00a0\u00bb100px||100px||false|false\u00a0\u00bb custom_margin_tablet=\u00a0\u00bb100px||100px||false|false\u00a0\u00bb custom_margin_phone=\u00a0\u00bb50px||50px||false|false\u00a0\u00bb custom_margin_last_edited=\u00a0\u00bbon|phone\u00a0\u00bb global_colors_info=\u00a0\u00bb{}\u00a0\u00bb positioning__hover_enabled=\u00a0\u00bbon|desktop\u00a0\u00bb position_origin_a__hover_enabled=\u00a0\u00bbon|desktop\u00a0\u00bb position_origin_f__hover_enabled=\u00a0\u00bbon|desktop\u00a0\u00bb position_origin_r__hover_enabled=\u00a0\u00bbon|desktop\u00a0\u00bb][et_pb_row _builder_version=\u00a0\u00bb4.23.1&Prime; _module_preset=\u00a0\u00bbdefault\u00a0\u00bb global_colors_info=\u00a0\u00bb{}\u00a0\u00bb][et_pb_column type=\u00a0\u00bb4_4&Prime; _builder_version=\u00a0\u00bb4.23.1&Prime; _module_preset=\u00a0\u00bbdefault\u00a0\u00bb global_colors_info=\u00a0\u00bb{}\u00a0\u00bb][et_pb_video src=\u00a0\u00bbhttps:\/\/youtu.be\/tA4Ceg6wzC4&Prime; _builder_version=\u00a0\u00bb4.23.1&Prime; _module_preset=\u00a0\u00bbdefault\u00a0\u00bb global_colors_info=\u00a0\u00bb{}\u00a0\u00bb][\/et_pb_video][\/et_pb_column][\/et_pb_row][\/et_pb_section][et_pb_section fb_built=\u00a0\u00bb1&Prime; admin_label=\u00a0\u00bbTienda\u00a0\u00bb _builder_version=\u00a0\u00bb4.23.1&Prime; _module_preset=\u00a0\u00bbdefault\u00a0\u00bb custom_padding=\u00a0\u00bb4px|||||\u00a0\u00bb global_colors_info=\u00a0\u00bb{}\u00a0\u00bb][et_pb_row column_structure=\u00a0\u00bb1_2,1_2&Prime; make_equal=\u00a0\u00bbon\u00a0\u00bb _builder_version=\u00a0\u00bb4.23.1&Prime; _module_preset=\u00a0\u00bbdefault\u00a0\u00bb width=\u00a0\u00bb100%\u00a0\u00bb max_width=\u00a0\u00bb2560px\u00a0\u00bb global_colors_info=\u00a0\u00bb{}\u00a0\u00bb][et_pb_column type=\u00a0\u00bb1_2&Prime; _builder_version=\u00a0\u00bb4.23.1&Prime; _module_preset=\u00a0\u00bbdefault\u00a0\u00bb background_color=\u00a0\u00bb#f5f5f5&Prime; border_radii=\u00a0\u00bboff||50px|50px|\u00a0\u00bb global_colors_info=\u00a0\u00bb{}\u00a0\u00bb][et_pb_text _builder_version=\u00a0\u00bb4.23.1&Prime; _module_preset=\u00a0\u00bbdefault\u00a0\u00bb text_font=\u00a0\u00bbRoboto Serif||||||||\u00a0\u00bb text_text_color=\u00a0\u00bb#000000&Prime; text_font_size=\u00a0\u00bb60px\u00a0\u00bb text_line_height=\u00a0\u00bb1.1em\u00a0\u00bb width=\u00a0\u00bb60%\u00a0\u00bb width_tablet=\u00a0\u00bb54%\u00a0\u00bb width_phone=\u00a0\u00bb100%\u00a0\u00bb width_last_edited=\u00a0\u00bbon|tablet\u00a0\u00bb module_alignment=\u00a0\u00bbright\u00a0\u00bb custom_margin=\u00a0\u00bb5%||||false|false\u00a0\u00bb custom_margin_tablet=\u00a0\u00bb5%||||false|false\u00a0\u00bb custom_margin_phone=\u00a0\u00bb5%||||false|false\u00a0\u00bb custom_margin_last_edited=\u00a0\u00bbon|phone\u00a0\u00bb custom_padding=\u00a0\u00bb|||40px|false|false\u00a0\u00bb text_font_size_tablet=\u00a0\u00bb50px\u00a0\u00bb text_font_size_phone=\u00a0\u00bb60px\u00a0\u00bb text_font_size_last_edited=\u00a0\u00bbon|phone\u00a0\u00bb module_alignment_tablet=\u00a0\u00bbleft\u00a0\u00bb module_alignment_phone=\u00a0\u00bbleft\u00a0\u00bb module_alignment_last_edited=\u00a0\u00bbon|tablet\u00a0\u00bb global_colors_info=\u00a0\u00bb{}\u00a0\u00bb]<\/p>\n<p><strong>Visitez notre boutique !<\/strong><\/p>\n<p>[\/et_pb_text][\/et_pb_column][et_pb_column type=\u00a0\u00bb1_2&Prime; _builder_version=\u00a0\u00bb4.23.1&Prime; _module_preset=\u00a0\u00bbdefault\u00a0\u00bb custom_padding_tablet=\u00a0\u00bb|40px||40px|false|false\u00a0\u00bb custom_padding_phone=\u00a0\u00bb|20px||20px|false|false\u00a0\u00bb custom_padding_last_edited=\u00a0\u00bbon|phone\u00a0\u00bb global_colors_info=\u00a0\u00bb{}\u00a0\u00bb][et_pb_image src=\u00a0\u00bbhttps:\/\/interactivo.flamencomalaga.com\/wp-content\/uploads\/2024\/05\/tienda-flamenco-interactivo.jpg\u00a0\u00bb title_text=\u00a0\u00bbBoutique-interactive-Flamenco\u00a0\u00bb _builder_version=\u00a0\u00bb4.23.1&Prime; _module_preset=\u00a0\u00bbdefault\u00a0\u00bb width=\u00a0\u00bb50%\u00a0\u00bb width_tablet=\u00a0\u00bb67%\u00a0\u00bb width_phone=\u00a0\u00bb100%\u00a0\u00bb width_last_edited=\u00a0\u00bbon|tablet\u00a0\u00bb border_radii=\u00a0\u00bbon|30px|30px|30px|30px\u00a0\u00bb global_colors_info=\u00a0\u00bb{}\u00a0\u00bb][\/et_pb_image][\/et_pb_column][\/et_pb_row][\/et_pb_section][et_pb_section fb_built=\u00a0\u00bb1&Prime; disabled_on=\u00a0\u00bboff|off|off\u00a0\u00bb admin_label=\u00a0\u00bbContenedor\u00a0\u00bb _builder_version=\u00a0\u00bb4.23.1&Prime; _module_preset=\u00a0\u00bbdefault\u00a0\u00bb background_color=\u00a0\u00bb#FFFFFF\u00a0\u00bb custom_padding=\u00a0\u00bb2px||0px|||\u00a0\u00bb locked=\u00a0\u00bboff\u00a0\u00bb global_colors_info=\u00a0\u00bb{}\u00a0\u00bb][et_pb_row _builder_version=\u00a0\u00bb4.23.1&Prime; _module_preset=\u00a0\u00bbdefault\u00a0\u00bb width=\u00a0\u00bb85%\u00a0\u00bb global_colors_info=\u00a0\u00bb{}\u00a0\u00bb][et_pb_column type=\u00a0\u00bb4_4&Prime; _builder_version=\u00a0\u00bb4.23.1&Prime; _module_preset=\u00a0\u00bbdefault\u00a0\u00bb global_colors_info=\u00a0\u00bb{}\u00a0\u00bb][et_pb_text _builder_version=\u00a0\u00bb4.23.1&Prime; _module_preset=\u00a0\u00bbdefault\u00a0\u00bb text_font=\u00a0\u00bbRoboto Serif||||||||\u00a0\u00bb header_2_font_size=\u00a0\u00bb30px\u00a0\u00bb header_2_line_height=\u00a0\u00bb1.2em\u00a0\u00bb width=\u00a0\u00bb100%\u00a0\u00bb custom_margin=\u00a0\u00bb||-3px|||\u00a0\u00bb global_colors_info=\u00a0\u00bb{}\u00a0\u00bb]<\/p>\n<h2><strong>Critiques d\u2019exp\u00e9riences<\/strong><\/h2>\n<p>[\/et_pb_text][et_pb_code _builder_version=\u00a0\u00bb4.23.1&Prime; _module_preset=\u00a0\u00bbdefault\u00a0\u00bb global_colors_info=\u00a0\u00bb{}\u00a0\u00bb]<div data-src=\"https:\/\/cdn.trustindex.io\/loader.js?89ff7f932ef1367598567dcf8cf\"><\/div>[\/et_pb_code][\/et_pb_column][\/et_pb_row][\/et_pb_section]<\/p>\n","protected":false},"excerpt":{"rendered":"<p>Introduction au flamencoPROJET INTERACTIF Visites guid\u00e9es : Tous les jours \u00e0 16h00.Plongez-vous dans un voyage interactifEmbarquez pour une aventure artistique unique, con\u00e7ue pour tous. Explorez et lancez-vous dans la culture flamenco gr\u00e2ce \u00e0 des expositions interactives. R\u00e9servez votre espace pour une exp\u00e9rience in\u00e9gal\u00e9e. Pendant une heure, vous vous plongerez dans une initiation au flamenco dont [&hellip;]<\/p>\n","protected":false},"author":1,"featured_media":173,"parent":0,"menu_order":0,"comment_status":"closed","ping_status":"closed","template":"","meta":{"_et_pb_use_builder":"on","_et_pb_old_content":"","_et_gb_content_width":"","footnotes":""},"class_list":["post-116","page","type-page","status-publish","has-post-thumbnail","hentry"],"_links":{"self":[{"href":"https:\/\/interactivo.flamencomalaga.com\/fr\/wp-json\/wp\/v2\/pages\/116","targetHints":{"allow":["GET"]}}],"collection":[{"href":"https:\/\/interactivo.flamencomalaga.com\/fr\/wp-json\/wp\/v2\/pages"}],"about":[{"href":"https:\/\/interactivo.flamencomalaga.com\/fr\/wp-json\/wp\/v2\/types\/page"}],"author":[{"embeddable":true,"href":"https:\/\/interactivo.flamencomalaga.com\/fr\/wp-json\/wp\/v2\/users\/1"}],"replies":[{"embeddable":true,"href":"https:\/\/interactivo.flamencomalaga.com\/fr\/wp-json\/wp\/v2\/comments?post=116"}],"version-history":[{"count":0,"href":"https:\/\/interactivo.flamencomalaga.com\/fr\/wp-json\/wp\/v2\/pages\/116\/revisions"}],"wp:featuredmedia":[{"embeddable":true,"href":"https:\/\/interactivo.flamencomalaga.com\/fr\/wp-json\/wp\/v2\/media\/173"}],"wp:attachment":[{"href":"https:\/\/interactivo.flamencomalaga.com\/fr\/wp-json\/wp\/v2\/media?parent=116"}],"curies":[{"name":"wp","href":"https:\/\/api.w.org\/{rel}","templated":true}]}}